{"id":283,"date":"2026-04-21T21:09:21","date_gmt":"2026-04-21T21:09:21","guid":{"rendered":"https:\/\/artistes-paris.net\/index.php\/jury-2026-2\/"},"modified":"2026-04-28T11:15:00","modified_gmt":"2026-04-28T11:15:00","slug":"jury-2026-2","status":"publish","type":"page","link":"https:\/\/artistes-paris.net\/index.php\/jury-2026-2\/","title":{"rendered":"Jury 2026"},"content":{"rendered":"\t\t<div data-elementor-type=\"wp-page\" data-elementor-id=\"283\" class=\"elementor elementor-283\">\n\t\t\t\t<div class=\"elementor-element elementor-element-6ef7879 e-flex e-con-boxed e-con e-parent\" data-id=\"6ef7879\" data-element_type=\"container\" data-e-type=\"container\">\n\t\t\t\t\t<div class=\"e-con-inner\">\n\t\t\t\t<div class=\"elementor-element elementor-element-93049e0 elementor-widget elementor-widget-text-editor\" data-id=\"93049e0\" data-element_type=\"widget\" data-e-type=\"widget\" data-widget_type=\"text-editor.default\">\n\t\t\t\t\t\t\t\t\t<p>Fid\u00e8le \u00e0 l\u2019esprit et aux valeurs du Cercle des Artistes de Paris, notre jury incarne pleinement l\u2019\u00e2me de notre association.<\/p>\n<p>Au c\u0153ur de ce projet, une vision : Celle d\u2019un art vivant, d&rsquo;un art passion, nourri par la cr\u00e9ation.<\/p>\n<p>La cr\u00e9ation artistique, indissociable de l\u2019\u00e9change et du partage, qui en constituent les piliers essentiels.<\/p>\n<p>L\u2019Art nous rassemble.<\/p>\n<p><br><\/p>\n<p>Dans cette dynamique, nous avons souhait\u00e9 r\u00e9unir un jury aux profils vari\u00e9s, \u00e0 l\u2019image de la richesse et de la diversit\u00e9<\/p>\n<p>du monde artistique dans toutes ses formes d\u2019expression.<\/p>\n<p>Femmes et hommes ouverts d\u2019esprit, curieux et profond\u00e9ment engag\u00e9s dans la culture, les membres du jury sont anim\u00e9s par le go\u00fbt du dialogue, du d\u00e9bat et de la r\u00e9flexion collective. Ils \u0153uvrent ensemble dans un cadre fond\u00e9 sur l\u2019\u00e9coute, le respect mutuel et l\u2019exigence artistique.<\/p><p><br><\/p><p><br><\/p>\t\t\t\t\t\t\t\t<\/div>\n\t\t\t\t\t<\/div>\n\t\t\t\t<\/div>\n\t\t<div class=\"elementor-element elementor-element-9dc2253 e-flex e-con-boxed e-con e-parent\" data-id=\"9dc2253\" data-element_type=\"container\" data-e-type=\"container\">\n\t\t\t\t\t<div class=\"e-con-inner\">\n\t\t<div class=\"elementor-element elementor-element-632ee88 e-con-full e-flex e-con e-child\" data-id=\"632ee88\" data-element_type=\"container\" data-e-type=\"container\">\n\t\t\t\t\t\t\t\n\t\t<img class=\"e-image-base \" \n\t\t\t\t\tdata-interaction-id=\"8285201\" \n\t\t \n\t\t \n\t\t\t\t\t\t\t\t\tid=\"314\"\n\t\t\t\t\t\t\t\t\t\t\t\tsrc=\"https:\/\/artistes-paris.net\/wordpress\/wp-content\/uploads\/2026\/04\/Myriam_ANNONAY_CASTANET_2026_CAP-.jpg\"\n\t\t\t\t\t\t\t\t\t\t\t\twidth=\"413\"\n\t\t\t\t\t\t\t\t\t\t\t\theight=\"482\"\n\t\t\t\t\t\t\t\t\t\t\t\tsrcset=\"https:\/\/artistes-paris.net\/wordpress\/wp-content\/uploads\/2026\/04\/Myriam_ANNONAY_CASTANET_2026_CAP-.jpg 413w, https:\/\/artistes-paris.net\/wordpress\/wp-content\/uploads\/2026\/04\/Myriam_ANNONAY_CASTANET_2026_CAP--257x300.jpg 257w\"\n\t\t\t\t\t\t\t\t\t\t\t\talt=\"\"\n\t\t\t\t\t\t\/>\n\t\t\t\t\t<\/div>\n\t\t<div class=\"elementor-element elementor-element-87e9063 e-con-full e-flex e-con e-child\" data-id=\"87e9063\" data-element_type=\"container\" data-e-type=\"container\">\n\t\t\t\t<div class=\"elementor-element elementor-element-58e1b56 elementor-widget elementor-widget-text-editor\" data-id=\"58e1b56\" data-element_type=\"widget\" data-e-type=\"widget\" data-widget_type=\"text-editor.default\">\n\t\t\t\t\t\t\t\t\t<p>Myriam Annonay Castanet est la fondatrice de M.A.C \/ Agence d\u2019Art, sp\u00e9cialis\u00e9e dans la strat\u00e9gie et la production d\u2019\u00e9v\u00e9nements artistiques.<br \/>Forte de plus de 30 ans d\u2019exp\u00e9rience, elle accompagne artistes, galeries, institutions et marques dans leur d\u00e9veloppement.<br \/>Dipl\u00f4m\u00e9e d\u2019un Master en communication, elle allie direction artistique, communication et innovation.<br \/>Cr\u00e9atrice des salons Art Shopping, elle a marqu\u00e9 le paysage des foires d\u2019art contemporaines.<br \/>Commissaire g\u00e9n\u00e9rale d\u2019IN SITU by Art Capital au Grand Palais, elle d\u00e9veloppe une programmation curatoriale d\u00e9di\u00e9e aux artistes en solo show<\/p><p>Elle con\u00e7oit des strat\u00e9gies sur mesure pour renforcer la visibilit\u00e9 et le positionnement des projets artistiques.<\/p><p><span style=\"font-family: Aptos, sans-serif; font-size: 12pt;\">Engag\u00e9e, elle \u0153uvre \u00e0 faire rayonner l\u2019art et \u00e0 connecter les artistes \u00e0 de nouveaux publics<\/span>.<\/p>\t\t\t\t\t\t\t\t<\/div>\n\t\t\t\t<\/div>\n\t\t<div class=\"elementor-element elementor-element-903a4d6 e-con-full e-flex e-con e-child\" data-id=\"903a4d6\" data-element_type=\"container\" data-e-type=\"container\">\n\t\t\t\t\t\t\t<h2 \n\t\tdata-interaction-id=\"a7c8831\" \n\t\tclass=\"e-a7c8831-42f32cf e-heading-base\" \n\t\t \n\t\t\n\t>\n\t\n\t\t\tMyriam<br>ANNONAY CASTANET\n\t\t<\/h2>\n\t\t\t\t<\/div>\n\t\t<div class=\"elementor-element elementor-element-48a709c e-con-full e-flex e-con e-child\" data-id=\"48a709c\" data-element_type=\"container\" data-e-type=\"container\">\n\t\t\t\t<div class=\"elementor-element elementor-element-2304365 elementor-widget elementor-widget-text-editor\" data-id=\"2304365\" data-element_type=\"widget\" data-e-type=\"widget\" data-widget_type=\"text-editor.default\">\n\t\t\t\t\t\t\t\t\t<p><span style=\"font-family: Aptos, sans-serif; font-size: 12pt;\">Fondatrice MAC Agence d\u2019Art\u00a0 \/\u00a0 Cr\u00e9atrice des salons Art Shopping \/ Commissaire G\u00e9n\u00e9rale IN SITU du Salon Art Capital &#8211; Grand Palais Paris \/ Commissaire d\u2019exposition \/\u00a0 \u00a0productrice d\u2019\u00e9v\u00e9nements artistiques et culturels &#8211; Agent artistique \u2013 Curatrice<\/span>.<\/p>\t\t\t\t\t\t\t\t<\/div>\n\t\t\t\t<\/div>\n\t\t<div class=\"elementor-element elementor-element-2d44266 e-con-full e-flex e-con e-child\" data-id=\"2d44266\" data-element_type=\"container\" data-e-type=\"container\">\n\t\t\t\t\t    \t            <a\n            href=\"https:\/\/www.mac-agence-art.fr\/\" target=\"_self\"\n            class=\"e-363a9ce-9e6c587 e-button-base\"\n            data-interaction-id=\"363a9ce\"\n             \n        >\n            Lien vers le SIte Web\n        <\/a>\n    \t\t\t\t<div class=\"elementor-element elementor-element-5da16b1 elementor-shape-rounded elementor-grid-0 e-grid-align-center elementor-widget elementor-widget-social-icons\" data-id=\"5da16b1\" data-element_type=\"widget\" data-e-type=\"widget\" data-widget_type=\"social-icons.default\">\n\t\t\t\t\t\t\t<div class=\"elementor-social-icons-wrapper elementor-grid\" role=\"list\">\n\t\t\t\t\t\t\t<span class=\"elementor-grid-item\" role=\"listitem\">\n\t\t\t\t\t<a class=\"elementor-icon elementor-social-icon elementor-social-icon-instagram elementor-repeater-item-3af5c31\" href=\"https:\/\/www.instagram.com\/mac_agencedart\/\" target=\"_blank\">\n\t\t\t\t\t\t<span class=\"elementor-screen-only\">Instagram<\/span>\n\t\t\t\t\t\t<svg aria-hidden=\"true\" class=\"e-font-icon-svg e-fab-instagram\" viewBox=\"0 0 448 512\" xmlns=\"http:\/\/www.w3.org\/2000\/svg\"><path d=\"M224.1 141c-63.6 0-114.9 51.3-114.9 114.9s51.3 114.9 114.9 114.9S339 319.5 339 255.9 287.7 141 224.1 141zm0 189.6c-41.1 0-74.7-33.5-74.7-74.7s33.5-74.7 74.7-74.7 74.7 33.5 74.7 74.7-33.6 74.7-74.7 74.7zm146.4-194.3c0 14.9-12 26.8-26.8 26.8-14.9 0-26.8-12-26.8-26.8s12-26.8 26.8-26.8 26.8 12 26.8 26.8zm76.1 27.2c-1.7-35.9-9.9-67.7-36.2-93.9-26.2-26.2-58-34.4-93.9-36.2-37-2.1-147.9-2.1-184.9 0-35.8 1.7-67.6 9.9-93.9 36.1s-34.4 58-36.2 93.9c-2.1 37-2.1 147.9 0 184.9 1.7 35.9 9.9 67.7 36.2 93.9s58 34.4 93.9 36.2c37 2.1 147.9 2.1 184.9 0 35.9-1.7 67.7-9.9 93.9-36.2 26.2-26.2 34.4-58 36.2-93.9 2.1-37 2.1-147.8 0-184.8zM398.8 388c-7.8 19.6-22.9 34.7-42.6 42.6-29.5 11.7-99.5 9-132.1 9s-102.7 2.6-132.1-9c-19.6-7.8-34.7-22.9-42.6-42.6-11.7-29.5-9-99.5-9-132.1s-2.6-102.7 9-132.1c7.8-19.6 22.9-34.7 42.6-42.6 29.5-11.7 99.5-9 132.1-9s102.7-2.6 132.1 9c19.6 7.8 34.7 22.9 42.6 42.6 11.7 29.5 9 99.5 9 132.1s2.7 102.7-9 132.1z\"><\/path><\/svg>\t\t\t\t\t<\/a>\n\t\t\t\t<\/span>\n\t\t\t\t\t\t\t<span class=\"elementor-grid-item\" role=\"listitem\">\n\t\t\t\t\t<a class=\"elementor-icon elementor-social-icon elementor-social-icon-linkedin elementor-repeater-item-c7ec094\" href=\"https:\/\/www.linkedin.com\/in\/myriam-annonay-castanet-8730643a\/\" target=\"_blank\">\n\t\t\t\t\t\t<span class=\"elementor-screen-only\">Linkedin<\/span>\n\t\t\t\t\t\t<svg aria-hidden=\"true\" class=\"e-font-icon-svg e-fab-linkedin\" viewBox=\"0 0 448 512\" xmlns=\"http:\/\/www.w3.org\/2000\/svg\"><path d=\"M416 32H31.9C14.3 32 0 46.5 0 64.3v383.4C0 465.5 14.3 480 31.9 480H416c17.6 0 32-14.5 32-32.3V64.3c0-17.8-14.4-32.3-32-32.3zM135.4 416H69V202.2h66.5V416zm-33.2-243c-21.3 0-38.5-17.3-38.5-38.5S80.9 96 102.2 96c21.2 0 38.5 17.3 38.5 38.5 0 21.3-17.2 38.5-38.5 38.5zm282.1 243h-66.4V312c0-24.8-.5-56.7-34.5-56.7-34.6 0-39.9 27-39.9 54.9V416h-66.4V202.2h63.7v29.2h.9c8.9-16.8 30.6-34.5 62.9-34.5 67.2 0 79.7 44.3 79.7 101.9V416z\"><\/path><\/svg>\t\t\t\t\t<\/a>\n\t\t\t\t<\/span>\n\t\t\t\t\t<\/div>\n\t\t\t\t\t\t<\/div>\n\t\t\t\t<\/div>\n\t\t\t\t\t<\/div>\n\t\t\t\t<\/div>\n\t\t<div class=\"elementor-element elementor-element-9f836d4 e-flex e-con-boxed e-con e-parent\" data-id=\"9f836d4\" data-element_type=\"container\" data-e-type=\"container\">\n\t\t\t\t\t<div class=\"e-con-inner\">\n\t\t<div class=\"elementor-element elementor-element-a858277 e-con-full e-flex e-con e-child\" data-id=\"a858277\" data-element_type=\"container\" data-e-type=\"container\">\n\t\t\t\t\t\t\t\n\t\t<img class=\"e-image-base \" \n\t\t\t\t\tdata-interaction-id=\"7ee4a81\" \n\t\t \n\t\t \n\t\t\t\t\t\t\t\t\tid=\"289\"\n\t\t\t\t\t\t\t\t\t\t\t\tsrc=\"https:\/\/artistes-paris.net\/wordpress\/wp-content\/uploads\/2026\/04\/Brigitte-Teman_2026_CAP.jpg\"\n\t\t\t\t\t\t\t\t\t\t\t\twidth=\"413\"\n\t\t\t\t\t\t\t\t\t\t\t\theight=\"482\"\n\t\t\t\t\t\t\t\t\t\t\t\tsrcset=\"https:\/\/artistes-paris.net\/wordpress\/wp-content\/uploads\/2026\/04\/Brigitte-Teman_2026_CAP.jpg 413w, https:\/\/artistes-paris.net\/wordpress\/wp-content\/uploads\/2026\/04\/Brigitte-Teman_2026_CAP-257x300.jpg 257w\"\n\t\t\t\t\t\t\t\t\t\t\t\talt=\"\"\n\t\t\t\t\t\t\/>\n\t\t\t\t\t<\/div>\n\t\t<div class=\"elementor-element elementor-element-d36d5a8 e-con-full e-flex e-con e-child\" data-id=\"d36d5a8\" data-element_type=\"container\" data-e-type=\"container\">\n\t\t\t\t<div class=\"elementor-element elementor-element-e0b21e4 elementor-widget elementor-widget-text-editor\" data-id=\"e0b21e4\" data-element_type=\"widget\" data-e-type=\"widget\" data-widget_type=\"text-editor.default\">\n\t\t\t\t\t\t\t\t\t<p>Rien ne pr\u00e9destinait Brigitte Teman \u00e0 la sculpture, si ce n\u2019est une passion pour le travail de la mati\u00e8re qui l&rsquo;anime depuis l\u2019enfance. Chirurgien-dentiste dans une premi\u00e8re vie, elle tire de ces ann\u00e9es une connaissance pouss\u00e9e de l\u2019anatomie et une discipline absolue du geste. Apr\u00e8s quelques ann\u00e9es d\u2019exercice, elle d\u00e9cide de se consacrer exclusivement \u00e0 son art. Elle d\u00e9veloppe alors une signature singuli\u00e8re avec une simplification des formes et des courbes pour n\u2019en garder que la tension vitale. Son \u0153uvre se partage entre un bestiaire majestueux et des nus f\u00e9minins, r\u00e9alis\u00e9s en bronze patin\u00e9 ou en aluminium poli. Elle est Pr\u00e9sidente de la section Sculpture et mosa\u00efque du Salon des Artistes Fran\u00e7ais au Grand Palais et laur\u00e9ate de nombreuses distinctions.<\/p>\t\t\t\t\t\t\t\t<\/div>\n\t\t\t\t<\/div>\n\t\t<div class=\"elementor-element elementor-element-1110d44 e-con-full e-flex e-con e-child\" data-id=\"1110d44\" data-element_type=\"container\" data-e-type=\"container\">\n\t\t\t\t\t\t\t<h2 \n\t\tdata-interaction-id=\"edb11f6\" \n\t\tclass=\"e-edb11f6-bf4a7b7 e-heading-base\" \n\t\t \n\t\t\n\t>\n\t\n\t\t\tBrigitte TEMAN\n\t\t<\/h2>\n\t\t\t\t<\/div>\n\t\t<div class=\"elementor-element elementor-element-39efd59 e-con-full e-flex e-con e-child\" data-id=\"39efd59\" data-element_type=\"container\" data-e-type=\"container\">\n\t\t\t\t<div class=\"elementor-element elementor-element-dc70561 elementor-widget elementor-widget-text-editor\" data-id=\"dc70561\" data-element_type=\"widget\" data-e-type=\"widget\" data-widget_type=\"text-editor.default\">\n\t\t\t\t\t\t\t\t\t<p>Sculptrice &#8211; Membre de la Soci\u00e9t\u00e9 des Artistes Fran\u00e7ais &#8211; Pr\u00e9sidente de la section Sculpture et Mosa\u00efque au Salon des Artistes Fran\u00e7ais au sein du Salon Art Capital au Grand Palais \u00e0 Paris.<\/p>\t\t\t\t\t\t\t\t<\/div>\n\t\t\t\t<\/div>\n\t\t<div class=\"elementor-element elementor-element-8632953 e-con-full e-flex e-con e-child\" data-id=\"8632953\" data-element_type=\"container\" data-e-type=\"container\">\n\t\t\t\t\t    \t            <a\n            href=\"http:\/\/www.brigitteteman.fr\" target=\"_self\"\n            class=\"e-974861d-4f685dc e-button-base\"\n            data-interaction-id=\"974861d\"\n             \n        >\n            Lien vers le Site Web\n        <\/a>\n    \t\t\t\t<div class=\"elementor-element elementor-element-16feacd elementor-shape-rounded elementor-grid-0 e-grid-align-center elementor-widget elementor-widget-social-icons\" data-id=\"16feacd\" data-element_type=\"widget\" data-e-type=\"widget\" data-widget_type=\"social-icons.default\">\n\t\t\t\t\t\t\t<div class=\"elementor-social-icons-wrapper elementor-grid\">\n\t\t\t\t\t\t\t<span class=\"elementor-grid-item\">\n\t\t\t\t\t<a class=\"elementor-icon elementor-social-icon elementor-social-icon-instagram elementor-repeater-item-f497021\" href=\"https:\/\/www.instagram.com\/brigitteteman\/\" target=\"_blank\">\n\t\t\t\t\t\t<span class=\"elementor-screen-only\">Instagram<\/span>\n\t\t\t\t\t\t<svg aria-hidden=\"true\" class=\"e-font-icon-svg e-fab-instagram\" viewBox=\"0 0 448 512\" xmlns=\"http:\/\/www.w3.org\/2000\/svg\"><path d=\"M224.1 141c-63.6 0-114.9 51.3-114.9 114.9s51.3 114.9 114.9 114.9S339 319.5 339 255.9 287.7 141 224.1 141zm0 189.6c-41.1 0-74.7-33.5-74.7-74.7s33.5-74.7 74.7-74.7 74.7 33.5 74.7 74.7-33.6 74.7-74.7 74.7zm146.4-194.3c0 14.9-12 26.8-26.8 26.8-14.9 0-26.8-12-26.8-26.8s12-26.8 26.8-26.8 26.8 12 26.8 26.8zm76.1 27.2c-1.7-35.9-9.9-67.7-36.2-93.9-26.2-26.2-58-34.4-93.9-36.2-37-2.1-147.9-2.1-184.9 0-35.8 1.7-67.6 9.9-93.9 36.1s-34.4 58-36.2 93.9c-2.1 37-2.1 147.9 0 184.9 1.7 35.9 9.9 67.7 36.2 93.9s58 34.4 93.9 36.2c37 2.1 147.9 2.1 184.9 0 35.9-1.7 67.7-9.9 93.9-36.2 26.2-26.2 34.4-58 36.2-93.9 2.1-37 2.1-147.8 0-184.8zM398.8 388c-7.8 19.6-22.9 34.7-42.6 42.6-29.5 11.7-99.5 9-132.1 9s-102.7 2.6-132.1-9c-19.6-7.8-34.7-22.9-42.6-42.6-11.7-29.5-9-99.5-9-132.1s-2.6-102.7 9-132.1c7.8-19.6 22.9-34.7 42.6-42.6 29.5-11.7 99.5-9 132.1-9s102.7-2.6 132.1 9c19.6 7.8 34.7 22.9 42.6 42.6 11.7 29.5 9 99.5 9 132.1s2.7 102.7-9 132.1z\"><\/path><\/svg>\t\t\t\t\t<\/a>\n\t\t\t\t<\/span>\n\t\t\t\t\t<\/div>\n\t\t\t\t\t\t<\/div>\n\t\t\t\t<\/div>\n\t\t\t\t\t<\/div>\n\t\t\t\t<\/div>\n\t\t<div class=\"elementor-element elementor-element-5d08140 e-flex e-con-boxed e-con e-parent\" data-id=\"5d08140\" data-element_type=\"container\" data-e-type=\"container\">\n\t\t\t\t\t<div class=\"e-con-inner\">\n\t\t<div class=\"elementor-element elementor-element-3e6344b e-con-full e-flex e-con e-child\" data-id=\"3e6344b\" data-element_type=\"container\" data-e-type=\"container\">\n\t\t\t\t<div class=\"elementor-element elementor-element-520eb2b elementor-widget elementor-widget-image\" data-id=\"520eb2b\" data-element_type=\"widget\" data-e-type=\"widget\" data-widget_type=\"image.default\">\n\t\t\t\t\t\t\t\t\t\t\t\t\t\t\t<img fetchpriority=\"high\" decoding=\"async\" width=\"413\" height=\"482\" src=\"https:\/\/artistes-paris.net\/wordpress\/wp-content\/uploads\/2026\/04\/Nadege-COGNE_2026_CAP.jpg\" class=\"attachment-large size-large wp-image-287\" alt=\"\" srcset=\"https:\/\/artistes-paris.net\/wordpress\/wp-content\/uploads\/2026\/04\/Nadege-COGNE_2026_CAP.jpg 413w, https:\/\/artistes-paris.net\/wordpress\/wp-content\/uploads\/2026\/04\/Nadege-COGNE_2026_CAP-257x300.jpg 257w\" sizes=\"(max-width: 413px) 100vw, 413px\" \/>\t\t\t\t\t\t\t\t\t\t\t\t\t\t\t<\/div>\n\t\t\t\t<\/div>\n\t\t<div class=\"elementor-element elementor-element-23cde85 e-con-full e-flex e-con e-child\" data-id=\"23cde85\" data-element_type=\"container\" data-e-type=\"container\">\n\t\t\t\t<div class=\"elementor-element elementor-element-7d47871 elementor-widget elementor-widget-text-editor\" data-id=\"7d47871\" data-element_type=\"widget\" data-e-type=\"widget\" data-widget_type=\"text-editor.default\">\n\t\t\t\t\t\t\t\t\t<p>N\u00e9e d\u2019un p\u00e8re journaliste passionn\u00e9 de photographie et d\u2019une m\u00e8re r\u00e9dactrice sp\u00e9cialis\u00e9e dans l\u2019univers des jeux de mots, j\u2019ai \u00e9t\u00e9 immerg\u00e9e d\u00e8s mon plus jeune \u00e2ge dans un environnement o\u00f9 l\u2019image et les mots s\u2019entrecroisent. Mon regard critique s\u2019est ainsi fa\u00e7onn\u00e9 tr\u00e8s t\u00f4t.<\/p><p>Apr\u00e8s avoir poursuivi des \u00e9tudes de communication, j\u2019ai rejoint l&rsquo;entreprise familiale, sp\u00e9cialis\u00e9e dans le domaine de l\u2019\u00e9dition, comme Directrice de la communication.<\/p><p>Il y a huit ans, j\u2019ai naturellement repris la direction du magazine Chasseur d\u2019Images, cr\u00e9\u00e9 par mon p\u00e8re en 1976. Mon parcours, enrichi par mes racines familiales, mes exp\u00e9riences professionnelles et personnelles, continue de nourrir ma passion pour l\u2019image et les r\u00e9cits qu\u2019elle peut v\u00e9hiculer.<\/p>\t\t\t\t\t\t\t\t<\/div>\n\t\t\t\t<\/div>\n\t\t<div class=\"elementor-element elementor-element-262ce01 e-con-full e-flex e-con e-child\" data-id=\"262ce01\" data-element_type=\"container\" data-e-type=\"container\">\n\t\t\t\t\t\t\t<h2 \n\t\tdata-interaction-id=\"cad5575\" \n\t\tclass=\"e-cad5575-3fac6d1 e-heading-base\" \n\t\t \n\t\t\n\t>\n\t\n\t\t\tNad\u00e8ge COGN\u00c9\n\t\t<\/h2>\n\t\t\t\t<\/div>\n\t\t<div class=\"elementor-element elementor-element-4f6a12d e-con-full e-flex e-con e-child\" data-id=\"4f6a12d\" data-element_type=\"container\" data-e-type=\"container\">\n\t\t\t\t<div class=\"elementor-element elementor-element-948e684 elementor-widget elementor-widget-text-editor\" data-id=\"948e684\" data-element_type=\"widget\" data-e-type=\"widget\" data-widget_type=\"text-editor.default\">\n\t\t\t\t\t\t\t\t\t<p>Directrice de la publication du magazine Chasseur d\u2019Images.<\/p>\t\t\t\t\t\t\t\t<\/div>\n\t\t\t\t<\/div>\n\t\t<div class=\"elementor-element elementor-element-2680d19 e-con-full e-flex e-con e-child\" data-id=\"2680d19\" data-element_type=\"container\" data-e-type=\"container\">\n\t\t\t\t\t    \t            <a\n            href=\"http:\/\/www.chassimages.com\" target=\"_self\"\n            class=\"e-e54b24d-0f4cd18 e-button-base\"\n            data-interaction-id=\"e54b24d\"\n             \n        >\n            Lien vers le Site Web\n        <\/a>\n    \t\t\t\t<div class=\"elementor-element elementor-element-9c886af elementor-shape-rounded elementor-grid-0 e-grid-align-center elementor-widget elementor-widget-social-icons\" data-id=\"9c886af\" data-element_type=\"widget\" data-e-type=\"widget\" data-widget_type=\"social-icons.default\">\n\t\t\t\t\t\t\t<div class=\"elementor-social-icons-wrapper elementor-grid\">\n\t\t\t\t\t\t\t<span class=\"elementor-grid-item\">\n\t\t\t\t\t<a class=\"elementor-icon elementor-social-icon elementor-social-icon-linkedin elementor-repeater-item-8878f3b\" href=\"https:\/\/www.linkedin.com\/in\/nadege-cogn%C3%A9-37657b250\/\" target=\"_blank\">\n\t\t\t\t\t\t<span class=\"elementor-screen-only\">Linkedin<\/span>\n\t\t\t\t\t\t<svg aria-hidden=\"true\" class=\"e-font-icon-svg e-fab-linkedin\" viewBox=\"0 0 448 512\" xmlns=\"http:\/\/www.w3.org\/2000\/svg\"><path d=\"M416 32H31.9C14.3 32 0 46.5 0 64.3v383.4C0 465.5 14.3 480 31.9 480H416c17.6 0 32-14.5 32-32.3V64.3c0-17.8-14.4-32.3-32-32.3zM135.4 416H69V202.2h66.5V416zm-33.2-243c-21.3 0-38.5-17.3-38.5-38.5S80.9 96 102.2 96c21.2 0 38.5 17.3 38.5 38.5 0 21.3-17.2 38.5-38.5 38.5zm282.1 243h-66.4V312c0-24.8-.5-56.7-34.5-56.7-34.6 0-39.9 27-39.9 54.9V416h-66.4V202.2h63.7v29.2h.9c8.9-16.8 30.6-34.5 62.9-34.5 67.2 0 79.7 44.3 79.7 101.9V416z\"><\/path><\/svg>\t\t\t\t\t<\/a>\n\t\t\t\t<\/span>\n\t\t\t\t\t<\/div>\n\t\t\t\t\t\t<\/div>\n\t\t\t\t<\/div>\n\t\t\t\t\t<\/div>\n\t\t\t\t<\/div>\n\t\t<div class=\"elementor-element elementor-element-b465624 e-flex e-con-boxed e-con e-parent\" data-id=\"b465624\" data-element_type=\"container\" data-e-type=\"container\">\n\t\t\t\t\t<div class=\"e-con-inner\">\n\t\t<div class=\"elementor-element elementor-element-c80823e e-con-full e-flex e-con e-child\" data-id=\"c80823e\" data-element_type=\"container\" data-e-type=\"container\">\n\t\t\t\t\t\t\t\n\t\t<img class=\"e-image-base \" \n\t\t\t\t\tdata-interaction-id=\"18428b1\" \n\t\t \n\t\t \n\t\t\t\t\t\t\t\t\tid=\"288\"\n\t\t\t\t\t\t\t\t\t\t\t\tsrc=\"https:\/\/artistes-paris.net\/wordpress\/wp-content\/uploads\/2026\/04\/GAbO-2026_CAP.jpg\"\n\t\t\t\t\t\t\t\t\t\t\t\twidth=\"413\"\n\t\t\t\t\t\t\t\t\t\t\t\theight=\"482\"\n\t\t\t\t\t\t\t\t\t\t\t\tsrcset=\"https:\/\/artistes-paris.net\/wordpress\/wp-content\/uploads\/2026\/04\/GAbO-2026_CAP.jpg 413w, https:\/\/artistes-paris.net\/wordpress\/wp-content\/uploads\/2026\/04\/GAbO-2026_CAP-257x300.jpg 257w\"\n\t\t\t\t\t\t\t\t\t\t\t\talt=\"\"\n\t\t\t\t\t\t\/>\n\t\t\t\t\t<\/div>\n\t\t<div class=\"elementor-element elementor-element-8cb5d49 e-con-full e-flex e-con e-child\" data-id=\"8cb5d49\" data-element_type=\"container\" data-e-type=\"container\">\n\t\t\t\t<div class=\"elementor-element elementor-element-9df57cc elementor-widget elementor-widget-text-editor\" data-id=\"9df57cc\" data-element_type=\"widget\" data-e-type=\"widget\" data-widget_type=\"text-editor.default\">\n\t\t\t\t\t\t\t\t\t<p>GAbO, artiste plasticien d\u2019origine p\u00e9ruvienne \u00e9tabli \u00e0 Paris, fusionne dans ses \u0153uvres les h\u00e9ritages pr\u00e9colombiens, incas et amazoniens avec des influences europ\u00e9ennes. Ses cr\u00e9ations, port\u00e9es par des couleurs intenses et vibrantes typiques de la culture populaire p\u00e9ruvienne appel\u00e9e\u00ab chicha \u00bb, sont expos\u00e9es en France et \u00e0 l\u2019\u00e9tranger.<\/p><p>Vice-pr\u00e9sident du Salon d\u2019Automne et responsable de la section Mondes Inconnus, il est aussi commissaire d\u2019expositions pour le Consulat du P\u00e9rou, contribuant ainsi \u00e0 renforcer les \u00e9changes culturels entre le P\u00e9rou et la France.<\/p>\t\t\t\t\t\t\t\t<\/div>\n\t\t\t\t<\/div>\n\t\t<div class=\"elementor-element elementor-element-02b5dcc e-con-full e-flex e-con e-child\" data-id=\"02b5dcc\" data-element_type=\"container\" data-e-type=\"container\">\n\t\t\t\t\t\t\t<h2 \n\t\tdata-interaction-id=\"919fc97\" \n\t\tclass=\"e-919fc97-a4235e2 e-heading-base\" \n\t\t \n\t\t\n\t>\n\t\n\t\t\tGAbO\n\t\t<\/h2>\n\t\t\t\t<\/div>\n\t\t<div class=\"elementor-element elementor-element-d1d3f0c e-con-full e-flex e-con e-child\" data-id=\"d1d3f0c\" data-element_type=\"container\" data-e-type=\"container\">\n\t\t\t\t<div class=\"elementor-element elementor-element-938e283 elementor-widget elementor-widget-text-editor\" data-id=\"938e283\" data-element_type=\"widget\" data-e-type=\"widget\" data-widget_type=\"text-editor.default\">\n\t\t\t\t\t\t\t\t\t<p>Artiste plasticien, Vice-pr\u00e9sident du Salon d\u2019Automne et responsable de la section Mondes Inconnus, commissaire d\u2019expositions.<\/p>\t\t\t\t\t\t\t\t<\/div>\n\t\t\t\t<\/div>\n\t\t<div class=\"elementor-element elementor-element-6e25718 e-con-full e-flex e-con e-child\" data-id=\"6e25718\" data-element_type=\"container\" data-e-type=\"container\">\n\t\t\t\t\t    \t            <a\n            href=\"https:\/\/www.artistescontemporains.org\/artistes\/gabo\" target=\"_self\"\n            class=\"e-e7a1305-0f6a0b7 e-button-base\"\n            data-interaction-id=\"e7a1305\"\n             \n        >\n            Lien vers le Site Web\n        <\/a>\n    \t\t\t\t<div class=\"elementor-element elementor-element-b8c48f8 elementor-shape-rounded elementor-grid-0 e-grid-align-center elementor-widget elementor-widget-social-icons\" data-id=\"b8c48f8\" data-element_type=\"widget\" data-e-type=\"widget\" data-widget_type=\"social-icons.default\">\n\t\t\t\t\t\t\t<div class=\"elementor-social-icons-wrapper elementor-grid\" role=\"list\">\n\t\t\t\t\t\t\t<span class=\"elementor-grid-item\" role=\"listitem\">\n\t\t\t\t\t<a class=\"elementor-icon elementor-social-icon elementor-social-icon-facebook elementor-repeater-item-e2a65dd\" href=\"https:\/\/www.facebook.com\/gaboartegallery\" target=\"_blank\">\n\t\t\t\t\t\t<span class=\"elementor-screen-only\">Facebook<\/span>\n\t\t\t\t\t\t<svg aria-hidden=\"true\" class=\"e-font-icon-svg e-fab-facebook\" viewBox=\"0 0 512 512\" xmlns=\"http:\/\/www.w3.org\/2000\/svg\"><path d=\"M504 256C504 119 393 8 256 8S8 119 8 256c0 123.78 90.69 226.38 209.25 245V327.69h-63V256h63v-54.64c0-62.15 37-96.48 93.67-96.48 27.14 0 55.52 4.84 55.52 4.84v61h-31.28c-30.8 0-40.41 19.12-40.41 38.73V256h68.78l-11 71.69h-57.78V501C413.31 482.38 504 379.78 504 256z\"><\/path><\/svg>\t\t\t\t\t<\/a>\n\t\t\t\t<\/span>\n\t\t\t\t\t\t\t<span class=\"elementor-grid-item\" role=\"listitem\">\n\t\t\t\t\t<a class=\"elementor-icon elementor-social-icon elementor-social-icon-instagram elementor-repeater-item-629091d\" href=\"https:\/\/www.instagram.com\/gaboartegallery\/\" target=\"_blank\">\n\t\t\t\t\t\t<span class=\"elementor-screen-only\">Instagram<\/span>\n\t\t\t\t\t\t<svg aria-hidden=\"true\" class=\"e-font-icon-svg e-fab-instagram\" viewBox=\"0 0 448 512\" xmlns=\"http:\/\/www.w3.org\/2000\/svg\"><path d=\"M224.1 141c-63.6 0-114.9 51.3-114.9 114.9s51.3 114.9 114.9 114.9S339 319.5 339 255.9 287.7 141 224.1 141zm0 189.6c-41.1 0-74.7-33.5-74.7-74.7s33.5-74.7 74.7-74.7 74.7 33.5 74.7 74.7-33.6 74.7-74.7 74.7zm146.4-194.3c0 14.9-12 26.8-26.8 26.8-14.9 0-26.8-12-26.8-26.8s12-26.8 26.8-26.8 26.8 12 26.8 26.8zm76.1 27.2c-1.7-35.9-9.9-67.7-36.2-93.9-26.2-26.2-58-34.4-93.9-36.2-37-2.1-147.9-2.1-184.9 0-35.8 1.7-67.6 9.9-93.9 36.1s-34.4 58-36.2 93.9c-2.1 37-2.1 147.9 0 184.9 1.7 35.9 9.9 67.7 36.2 93.9s58 34.4 93.9 36.2c37 2.1 147.9 2.1 184.9 0 35.9-1.7 67.7-9.9 93.9-36.2 26.2-26.2 34.4-58 36.2-93.9 2.1-37 2.1-147.8 0-184.8zM398.8 388c-7.8 19.6-22.9 34.7-42.6 42.6-29.5 11.7-99.5 9-132.1 9s-102.7 2.6-132.1-9c-19.6-7.8-34.7-22.9-42.6-42.6-11.7-29.5-9-99.5-9-132.1s-2.6-102.7 9-132.1c7.8-19.6 22.9-34.7 42.6-42.6 29.5-11.7 99.5-9 132.1-9s102.7-2.6 132.1 9c19.6 7.8 34.7 22.9 42.6 42.6 11.7 29.5 9 99.5 9 132.1s2.7 102.7-9 132.1z\"><\/path><\/svg>\t\t\t\t\t<\/a>\n\t\t\t\t<\/span>\n\t\t\t\t\t<\/div>\n\t\t\t\t\t\t<\/div>\n\t\t\t\t<\/div>\n\t\t\t\t\t<\/div>\n\t\t\t\t<\/div>\n\t\t<div class=\"elementor-element elementor-element-92fbd1b e-flex e-con-boxed e-con e-parent\" data-id=\"92fbd1b\" data-element_type=\"container\" data-e-type=\"container\">\n\t\t\t\t\t<div class=\"e-con-inner\">\n\t\t<div class=\"elementor-element elementor-element-a3598fd e-con-full e-flex e-con e-child\" data-id=\"a3598fd\" data-element_type=\"container\" data-e-type=\"container\">\n\t\t\t\t\t\t\t\n\t\t<img class=\"e-image-base \" \n\t\t\t\t\tdata-interaction-id=\"a2da9da\" \n\t\t \n\t\t \n\t\t\t\t\t\t\t\t\tid=\"290\"\n\t\t\t\t\t\t\t\t\t\t\t\tsrc=\"https:\/\/artistes-paris.net\/wordpress\/wp-content\/uploads\/2026\/04\/Sebastien-Boland-2026_CAP.jpg\"\n\t\t\t\t\t\t\t\t\t\t\t\twidth=\"413\"\n\t\t\t\t\t\t\t\t\t\t\t\theight=\"482\"\n\t\t\t\t\t\t\t\t\t\t\t\tsrcset=\"https:\/\/artistes-paris.net\/wordpress\/wp-content\/uploads\/2026\/04\/Sebastien-Boland-2026_CAP.jpg 413w, https:\/\/artistes-paris.net\/wordpress\/wp-content\/uploads\/2026\/04\/Sebastien-Boland-2026_CAP-257x300.jpg 257w\"\n\t\t\t\t\t\t\t\t\t\t\t\talt=\"\"\n\t\t\t\t\t\t\/>\n\t\t\t\t\t<\/div>\n\t\t<div class=\"elementor-element elementor-element-47aae90 e-con-full e-flex e-con e-child\" data-id=\"47aae90\" data-element_type=\"container\" data-e-type=\"container\">\n\t\t\t\t<div class=\"elementor-element elementor-element-78b02f3 elementor-widget elementor-widget-text-editor\" data-id=\"78b02f3\" data-element_type=\"widget\" data-e-type=\"widget\" data-widget_type=\"text-editor.default\">\n\t\t\t\t\t\t\t\t\t<p>S\u00e9bastien Boland est un entrepreneur culturel avec plus de 30 ans d\u2019exp\u00e9rience dans<\/p><p>l\u2019organisation de foires et salons artistiques.<\/p><p>Il a lanc\u00e9 plusieurs \u00e9v\u00e9nements majeurs, dont ACCESS, PARADOX et NOFOUND<\/p><p>PHOTOFAIR, en parall\u00e8le de grandes foires parisiennes.<\/p><p>En 2015, il fonde EXPO4ART, salon d\u00e9di\u00e9 \u00e0 plusieurs disciplines artistiques, avec de<\/p><p>nombreuses \u00e9ditions \u00e0 Paris et en r\u00e9gion.<\/p><p>En 2017, il co-cr\u00e9e 13 ART FAIR, ax\u00e9e sur l\u2019art urbain contemporain.<\/p><p>Depuis plus de 20 ans, il organise M\u00c9TAMORPHOSE, un salon d\u00e9di\u00e9 \u00e0 l\u2019art brut \u00e0 Paris.<\/p>\t\t\t\t\t\t\t\t<\/div>\n\t\t\t\t<\/div>\n\t\t<div class=\"elementor-element elementor-element-a741992 e-con-full e-flex e-con e-child\" data-id=\"a741992\" data-element_type=\"container\" data-e-type=\"container\">\n\t\t\t\t\t\t\t<h2 \n\t\tdata-interaction-id=\"2d7fd0a\" \n\t\tclass=\"e-2d7fd0a-6c0aee4 e-heading-base\" \n\t\t \n\t\t\n\t>\n\t\n\t\t\tS\u00e9bastien BOLAND\n\t\t<\/h2>\n\t\t\t\t<\/div>\n\t\t<div class=\"elementor-element elementor-element-337ce86 e-con-full e-flex e-con e-child\" data-id=\"337ce86\" data-element_type=\"container\" data-e-type=\"container\">\n\t\t\t\t<div class=\"elementor-element elementor-element-4c28496 elementor-widget elementor-widget-text-editor\" data-id=\"4c28496\" data-element_type=\"widget\" data-e-type=\"widget\" data-widget_type=\"text-editor.default\">\n\t\t\t\t\t\t\t\t\t<p>Directeur des expositions EXPO 4Art, ART FAIR, METAMORPHOSE.<\/p>\t\t\t\t\t\t\t\t<\/div>\n\t\t\t\t<\/div>\n\t\t<div class=\"elementor-element elementor-element-0020d70 e-con-full e-flex e-con e-child\" data-id=\"0020d70\" data-element_type=\"container\" data-e-type=\"container\">\n\t\t\t\t\t    \t            <a\n            href=\"http:\/\/www.expo4art.fr\" target=\"_self\"\n            class=\"e-a88cb34-42771be e-button-base\"\n            data-interaction-id=\"a88cb34\"\n             \n        >\n            Lien vers le Site Web\n        <\/a>\n    \t\t\t\t<div class=\"elementor-element elementor-element-eb7a168 elementor-shape-rounded elementor-grid-0 e-grid-align-center elementor-widget elementor-widget-social-icons\" data-id=\"eb7a168\" data-element_type=\"widget\" data-e-type=\"widget\" data-widget_type=\"social-icons.default\">\n\t\t\t\t\t\t\t<div class=\"elementor-social-icons-wrapper elementor-grid\">\n\t\t\t\t\t\t\t<span class=\"elementor-grid-item\">\n\t\t\t\t\t<a class=\"elementor-icon elementor-social-icon elementor-social-icon-instagram elementor-repeater-item-2fc6b19\" href=\"https:\/\/www.instagram.com\/salons_expo4art_metamorphose9\/\" target=\"_blank\">\n\t\t\t\t\t\t<span class=\"elementor-screen-only\">Instagram<\/span>\n\t\t\t\t\t\t<svg aria-hidden=\"true\" class=\"e-font-icon-svg e-fab-instagram\" viewBox=\"0 0 448 512\" xmlns=\"http:\/\/www.w3.org\/2000\/svg\"><path d=\"M224.1 141c-63.6 0-114.9 51.3-114.9 114.9s51.3 114.9 114.9 114.9S339 319.5 339 255.9 287.7 141 224.1 141zm0 189.6c-41.1 0-74.7-33.5-74.7-74.7s33.5-74.7 74.7-74.7 74.7 33.5 74.7 74.7-33.6 74.7-74.7 74.7zm146.4-194.3c0 14.9-12 26.8-26.8 26.8-14.9 0-26.8-12-26.8-26.8s12-26.8 26.8-26.8 26.8 12 26.8 26.8zm76.1 27.2c-1.7-35.9-9.9-67.7-36.2-93.9-26.2-26.2-58-34.4-93.9-36.2-37-2.1-147.9-2.1-184.9 0-35.8 1.7-67.6 9.9-93.9 36.1s-34.4 58-36.2 93.9c-2.1 37-2.1 147.9 0 184.9 1.7 35.9 9.9 67.7 36.2 93.9s58 34.4 93.9 36.2c37 2.1 147.9 2.1 184.9 0 35.9-1.7 67.7-9.9 93.9-36.2 26.2-26.2 34.4-58 36.2-93.9 2.1-37 2.1-147.8 0-184.8zM398.8 388c-7.8 19.6-22.9 34.7-42.6 42.6-29.5 11.7-99.5 9-132.1 9s-102.7 2.6-132.1-9c-19.6-7.8-34.7-22.9-42.6-42.6-11.7-29.5-9-99.5-9-132.1s-2.6-102.7 9-132.1c7.8-19.6 22.9-34.7 42.6-42.6 29.5-11.7 99.5-9 132.1-9s102.7-2.6 132.1 9c19.6 7.8 34.7 22.9 42.6 42.6 11.7 29.5 9 99.5 9 132.1s2.7 102.7-9 132.1z\"><\/path><\/svg>\t\t\t\t\t<\/a>\n\t\t\t\t<\/span>\n\t\t\t\t\t<\/div>\n\t\t\t\t\t\t<\/div>\n\t\t\t\t<\/div>\n\t\t\t\t\t<\/div>\n\t\t\t\t<\/div>\n\t\t<div class=\"elementor-element elementor-element-2615723 e-flex e-con-boxed e-con e-parent\" data-id=\"2615723\" data-element_type=\"container\" data-e-type=\"container\">\n\t\t\t\t\t<div class=\"e-con-inner\">\n\t\t<div class=\"elementor-element elementor-element-a863a39 e-con-full e-flex e-con e-child\" data-id=\"a863a39\" data-element_type=\"container\" data-e-type=\"container\">\n\t\t\t\t\t\t\t\n\t\t<img class=\"e-image-base \" \n\t\t\t\t\tdata-interaction-id=\"a6ea988\" \n\t\t \n\t\t \n\t\t\t\t\t\t\t\t\tid=\"319\"\n\t\t\t\t\t\t\t\t\t\t\t\tsrc=\"https:\/\/artistes-paris.net\/wordpress\/wp-content\/uploads\/2026\/04\/Laurent_MAYER_CAP.jpg\"\n\t\t\t\t\t\t\t\t\t\t\t\twidth=\"413\"\n\t\t\t\t\t\t\t\t\t\t\t\theight=\"482\"\n\t\t\t\t\t\t\t\t\t\t\t\tsrcset=\"https:\/\/artistes-paris.net\/wordpress\/wp-content\/uploads\/2026\/04\/Laurent_MAYER_CAP.jpg 413w, https:\/\/artistes-paris.net\/wordpress\/wp-content\/uploads\/2026\/04\/Laurent_MAYER_CAP-257x300.jpg 257w\"\n\t\t\t\t\t\t\t\t\t\t\t\talt=\"\"\n\t\t\t\t\t\t\/>\n\t\t\t\t\t<\/div>\n\t\t<div class=\"elementor-element elementor-element-6709e1b e-con-full e-flex e-con e-child\" data-id=\"6709e1b\" data-element_type=\"container\" data-e-type=\"container\">\n\t\t\t\t<div class=\"elementor-element elementor-element-9a96db4 elementor-widget elementor-widget-text-editor\" data-id=\"9a96db4\" data-element_type=\"widget\" data-e-type=\"widget\" data-widget_type=\"text-editor.default\">\n\t\t\t\t\t\t\t\t\t<p>Laurent, fondateur d\u2019Art for Good et de LMI \u2013 Leasing \u2022 M\u00e9c\u00e9nat \u2022 Impact, d\u00e9veloppe depuis plusieurs ann\u00e9es des dispositifs innovants pour rapprocher les entreprises du monde artistique. Architecte du programme Go for Art, il est l\u2019un des promoteurs actifs de la Responsabilit\u00e9 Culturelle des Entreprises (RCE) en France.<\/p><p>\u00a0<\/p><p>Il accompagne dirigeants, institutions et territoires pour faire de l\u2019art un levier de transformation, attractivit\u00e9, coh\u00e9sion et impact, en int\u00e9grant la cr\u00e9ation au c\u0153ur des strat\u00e9gies d\u2019engagement.<\/p><p>Convaincu que les artistes sont des forces de renouvellement, il \u0153uvre \u00e0 renforcer l\u2019\u00e9cosyst\u00e8me artistique, \u00e0 cr\u00e9er des ponts entre entreprises et cr\u00e9ateurs, et \u00e0 valoriser la diversit\u00e9 des pratiques contemporaines.<\/p>\t\t\t\t\t\t\t\t<\/div>\n\t\t\t\t<\/div>\n\t\t<div class=\"elementor-element elementor-element-1d844b2 e-con-full e-flex e-con e-child\" data-id=\"1d844b2\" data-element_type=\"container\" data-e-type=\"container\">\n\t\t\t\t\t\t\t<h2 \n\t\tdata-interaction-id=\"af24575\" \n\t\tclass=\"e-af24575-291c34c e-heading-base\" \n\t\t \n\t\t\n\t>\n\t\n\t\t\tLaurent MAYER\n\t\t<\/h2>\n\t\t\t\t<\/div>\n\t\t<div class=\"elementor-element elementor-element-c73f0f6 e-con-full e-flex e-con e-child\" data-id=\"c73f0f6\" data-element_type=\"container\" data-e-type=\"container\">\n\t\t\t\t<div class=\"elementor-element elementor-element-085370a elementor-widget elementor-widget-text-editor\" data-id=\"085370a\" data-element_type=\"widget\" data-e-type=\"widget\" data-widget_type=\"text-editor.default\">\n\t\t\t\t\t\t\t\t\t<p>Fondateur d\u2019Art for Good et de LMI (Art &amp; Financement) \u2013 Leasing \u2022 M\u00e9c\u00e9nat \u2022 Impact.<\/p>\t\t\t\t\t\t\t\t<\/div>\n\t\t\t\t<\/div>\n\t\t<div class=\"elementor-element elementor-element-d459a46 e-con-full e-flex e-con e-child\" data-id=\"d459a46\" data-element_type=\"container\" data-e-type=\"container\">\n\t\t\t\t\t    \t            <a\n            href=\"https:\/\/lm-i.fr\/\" target=\"_self\"\n            class=\"e-5a3889c-80540ec e-button-base\"\n            data-interaction-id=\"5a3889c\"\n             \n        >\n            Lien vers le Site Web\n        <\/a>\n    \t\t\t\t<div class=\"elementor-element elementor-element-0229413 elementor-shape-rounded elementor-grid-0 e-grid-align-center elementor-widget elementor-widget-social-icons\" data-id=\"0229413\" data-element_type=\"widget\" data-e-type=\"widget\" data-widget_type=\"social-icons.default\">\n\t\t\t\t\t\t\t<div class=\"elementor-social-icons-wrapper elementor-grid\" role=\"list\">\n\t\t\t\t\t\t\t<span class=\"elementor-grid-item\" role=\"listitem\">\n\t\t\t\t\t<a class=\"elementor-icon elementor-social-icon elementor-social-icon-instagram elementor-repeater-item-979b65c\" href=\"https:\/\/www.instagram.com\/artforgoodparis\/\" target=\"_blank\">\n\t\t\t\t\t\t<span class=\"elementor-screen-only\">Instagram<\/span>\n\t\t\t\t\t\t<svg aria-hidden=\"true\" class=\"e-font-icon-svg e-fab-instagram\" viewBox=\"0 0 448 512\" xmlns=\"http:\/\/www.w3.org\/2000\/svg\"><path d=\"M224.1 141c-63.6 0-114.9 51.3-114.9 114.9s51.3 114.9 114.9 114.9S339 319.5 339 255.9 287.7 141 224.1 141zm0 189.6c-41.1 0-74.7-33.5-74.7-74.7s33.5-74.7 74.7-74.7 74.7 33.5 74.7 74.7-33.6 74.7-74.7 74.7zm146.4-194.3c0 14.9-12 26.8-26.8 26.8-14.9 0-26.8-12-26.8-26.8s12-26.8 26.8-26.8 26.8 12 26.8 26.8zm76.1 27.2c-1.7-35.9-9.9-67.7-36.2-93.9-26.2-26.2-58-34.4-93.9-36.2-37-2.1-147.9-2.1-184.9 0-35.8 1.7-67.6 9.9-93.9 36.1s-34.4 58-36.2 93.9c-2.1 37-2.1 147.9 0 184.9 1.7 35.9 9.9 67.7 36.2 93.9s58 34.4 93.9 36.2c37 2.1 147.9 2.1 184.9 0 35.9-1.7 67.7-9.9 93.9-36.2 26.2-26.2 34.4-58 36.2-93.9 2.1-37 2.1-147.8 0-184.8zM398.8 388c-7.8 19.6-22.9 34.7-42.6 42.6-29.5 11.7-99.5 9-132.1 9s-102.7 2.6-132.1-9c-19.6-7.8-34.7-22.9-42.6-42.6-11.7-29.5-9-99.5-9-132.1s-2.6-102.7 9-132.1c7.8-19.6 22.9-34.7 42.6-42.6 29.5-11.7 99.5-9 132.1-9s102.7-2.6 132.1 9c19.6 7.8 34.7 22.9 42.6 42.6 11.7 29.5 9 99.5 9 132.1s2.7 102.7-9 132.1z\"><\/path><\/svg>\t\t\t\t\t<\/a>\n\t\t\t\t<\/span>\n\t\t\t\t\t\t\t<span class=\"elementor-grid-item\" role=\"listitem\">\n\t\t\t\t\t<a class=\"elementor-icon elementor-social-icon elementor-social-icon-linkedin elementor-repeater-item-47a6f70\" href=\"https:\/\/www.linkedin.com\/in\/laurentmayerparis\/\" target=\"_blank\">\n\t\t\t\t\t\t<span class=\"elementor-screen-only\">Linkedin<\/span>\n\t\t\t\t\t\t<svg aria-hidden=\"true\" class=\"e-font-icon-svg e-fab-linkedin\" viewBox=\"0 0 448 512\" xmlns=\"http:\/\/www.w3.org\/2000\/svg\"><path d=\"M416 32H31.9C14.3 32 0 46.5 0 64.3v383.4C0 465.5 14.3 480 31.9 480H416c17.6 0 32-14.5 32-32.3V64.3c0-17.8-14.4-32.3-32-32.3zM135.4 416H69V202.2h66.5V416zm-33.2-243c-21.3 0-38.5-17.3-38.5-38.5S80.9 96 102.2 96c21.2 0 38.5 17.3 38.5 38.5 0 21.3-17.2 38.5-38.5 38.5zm282.1 243h-66.4V312c0-24.8-.5-56.7-34.5-56.7-34.6 0-39.9 27-39.9 54.9V416h-66.4V202.2h63.7v29.2h.9c8.9-16.8 30.6-34.5 62.9-34.5 67.2 0 79.7 44.3 79.7 101.9V416z\"><\/path><\/svg>\t\t\t\t\t<\/a>\n\t\t\t\t<\/span>\n\t\t\t\t\t<\/div>\n\t\t\t\t\t\t<\/div>\n\t\t\t\t<\/div>\n\t\t\t\t\t<\/div>\n\t\t\t\t<\/div>\n\t\t<div class=\"elementor-element elementor-element-cc229d2 e-flex e-con-boxed e-con e-parent\" data-id=\"cc229d2\" data-element_type=\"container\" data-e-type=\"container\">\n\t\t\t\t\t<div class=\"e-con-inner\">\n\t\t<div class=\"elementor-element elementor-element-bd92cce e-con-full e-flex e-con e-child\" data-id=\"bd92cce\" data-element_type=\"container\" data-e-type=\"container\">\n\t\t\t\t\t\t\t\n\t\t<img class=\"e-image-base \" \n\t\t\t\t\tdata-interaction-id=\"2f9aec3\" \n\t\t \n\t\t \n\t\t\t\t\t\t\t\t\tid=\"323\"\n\t\t\t\t\t\t\t\t\t\t\t\tsrc=\"https:\/\/artistes-paris.net\/wordpress\/wp-content\/uploads\/2026\/04\/Pascal_NAULET-PALLARD_CAP.jpg\"\n\t\t\t\t\t\t\t\t\t\t\t\twidth=\"413\"\n\t\t\t\t\t\t\t\t\t\t\t\theight=\"482\"\n\t\t\t\t\t\t\t\t\t\t\t\tsrcset=\"https:\/\/artistes-paris.net\/wordpress\/wp-content\/uploads\/2026\/04\/Pascal_NAULET-PALLARD_CAP.jpg 413w, https:\/\/artistes-paris.net\/wordpress\/wp-content\/uploads\/2026\/04\/Pascal_NAULET-PALLARD_CAP-257x300.jpg 257w\"\n\t\t\t\t\t\t\t\t\t\t\t\talt=\"\"\n\t\t\t\t\t\t\/>\n\t\t\t\t\t<\/div>\n\t\t<div class=\"elementor-element elementor-element-e458bd6 e-con-full e-flex e-con e-child\" data-id=\"e458bd6\" data-element_type=\"container\" data-e-type=\"container\">\n\t\t\t\t<div class=\"elementor-element elementor-element-368dd2b elementor-widget elementor-widget-text-editor\" data-id=\"368dd2b\" data-element_type=\"widget\" data-e-type=\"widget\" data-widget_type=\"text-editor.default\">\n\t\t\t\t\t\t\t\t\t<p>\u00c9lev\u00e9 dans un humanisme flamboyant, selon l\u2019adage de la famille : \u00ab Mieux vaut savoir quelque chose de tout que tout de quelque chose \u00bb, l\u2019auteur a successivement \u0153uvr\u00e9 dans la mode, la musique, l\u2019immobilier, puis l\u2019\u00e9v\u00e9nementiel.<\/p><p>Une r\u00e9v\u00e9lation lors d\u2019un voyage au Japon il y a 30 ans l\u2019oriente vers l\u2019art. Form\u00e9 par un professeur du Louvre passionn\u00e9 par Le Caravage, il devient marchand d\u2019art entre l\u2019Asie et l\u2019Europe. Aujourd\u2019hui, Pascal Naulet-Pallard poursuit son chemin en tant que curateur et marchand pour des fonds et fondations internationaux.<\/p>\t\t\t\t\t\t\t\t<\/div>\n\t\t\t\t<\/div>\n\t\t<div class=\"elementor-element elementor-element-c421d55 e-con-full e-flex e-con e-child\" data-id=\"c421d55\" data-element_type=\"container\" data-e-type=\"container\">\n\t\t\t\t\t\t\t<h2 \n\t\tdata-interaction-id=\"91a5257\" \n\t\tclass=\"e-91a5257-ec3b4a9 e-heading-base\" \n\t\t \n\t\t\n\t>\n\t\n\t\t\tPascal<br>NAULET-PALLARD\n\t\t<\/h2>\n\t\t\t\t<\/div>\n\t\t<div class=\"elementor-element elementor-element-9de146a e-con-full e-flex e-con e-child\" data-id=\"9de146a\" data-element_type=\"container\" data-e-type=\"container\">\n\t\t\t\t<div class=\"elementor-element elementor-element-780544c elementor-widget elementor-widget-text-editor\" data-id=\"780544c\" data-element_type=\"widget\" data-e-type=\"widget\" data-widget_type=\"text-editor.default\">\n\t\t\t\t\t\t\t\t\t<p>Ecrivain (Livre L&rsquo;art et le Fric) curateur et marchand d&rsquo;art pour des fonds et fondations internationaux.<\/p>\t\t\t\t\t\t\t\t<\/div>\n\t\t\t\t<\/div>\n\t\t<div class=\"elementor-element elementor-element-cafddd9 e-con-full e-flex e-con e-child\" data-id=\"cafddd9\" data-element_type=\"container\" data-e-type=\"container\">\n\t\t\t\t<div class=\"elementor-element elementor-element-a963550 elementor-shape-rounded elementor-grid-0 e-grid-align-center elementor-widget elementor-widget-social-icons\" data-id=\"a963550\" data-element_type=\"widget\" data-e-type=\"widget\" data-widget_type=\"social-icons.default\">\n\t\t\t\t\t\t\t<div class=\"elementor-social-icons-wrapper elementor-grid\">\n\t\t\t\t\t\t\t<span class=\"elementor-grid-item\">\n\t\t\t\t\t<a class=\"elementor-icon elementor-social-icon elementor-social-icon-instagram elementor-repeater-item-139e72c\" href=\"https:\/\/www.instagram.com\/nonaulet\/\" target=\"_blank\">\n\t\t\t\t\t\t<span class=\"elementor-screen-only\">Instagram<\/span>\n\t\t\t\t\t\t<svg aria-hidden=\"true\" class=\"e-font-icon-svg e-fab-instagram\" viewBox=\"0 0 448 512\" xmlns=\"http:\/\/www.w3.org\/2000\/svg\"><path d=\"M224.1 141c-63.6 0-114.9 51.3-114.9 114.9s51.3 114.9 114.9 114.9S339 319.5 339 255.9 287.7 141 224.1 141zm0 189.6c-41.1 0-74.7-33.5-74.7-74.7s33.5-74.7 74.7-74.7 74.7 33.5 74.7 74.7-33.6 74.7-74.7 74.7zm146.4-194.3c0 14.9-12 26.8-26.8 26.8-14.9 0-26.8-12-26.8-26.8s12-26.8 26.8-26.8 26.8 12 26.8 26.8zm76.1 27.2c-1.7-35.9-9.9-67.7-36.2-93.9-26.2-26.2-58-34.4-93.9-36.2-37-2.1-147.9-2.1-184.9 0-35.8 1.7-67.6 9.9-93.9 36.1s-34.4 58-36.2 93.9c-2.1 37-2.1 147.9 0 184.9 1.7 35.9 9.9 67.7 36.2 93.9s58 34.4 93.9 36.2c37 2.1 147.9 2.1 184.9 0 35.9-1.7 67.7-9.9 93.9-36.2 26.2-26.2 34.4-58 36.2-93.9 2.1-37 2.1-147.8 0-184.8zM398.8 388c-7.8 19.6-22.9 34.7-42.6 42.6-29.5 11.7-99.5 9-132.1 9s-102.7 2.6-132.1-9c-19.6-7.8-34.7-22.9-42.6-42.6-11.7-29.5-9-99.5-9-132.1s-2.6-102.7 9-132.1c7.8-19.6 22.9-34.7 42.6-42.6 29.5-11.7 99.5-9 132.1-9s102.7-2.6 132.1 9c19.6 7.8 34.7 22.9 42.6 42.6 11.7 29.5 9 99.5 9 132.1s2.7 102.7-9 132.1z\"><\/path><\/svg>\t\t\t\t\t<\/a>\n\t\t\t\t<\/span>\n\t\t\t\t\t<\/div>\n\t\t\t\t\t\t<\/div>\n\t\t\t\t<\/div>\n\t\t\t\t\t<\/div>\n\t\t\t\t<\/div>\n\t\t<div class=\"elementor-element elementor-element-a98ec66 e-flex e-con-boxed e-con e-parent\" data-id=\"a98ec66\" data-element_type=\"container\" data-e-type=\"container\">\n\t\t\t\t\t<div class=\"e-con-inner\">\n\t\t<div class=\"elementor-element elementor-element-fcadd05 e-con-full e-flex e-con e-child\" data-id=\"fcadd05\" data-element_type=\"container\" data-e-type=\"container\">\n\t\t\t\t\t\t\t\n\t\t<img class=\"e-image-base \" \n\t\t\t\t\tdata-interaction-id=\"1061441\" \n\t\t \n\t\t \n\t\t\t\t\t\t\t\t\tid=\"328\"\n\t\t\t\t\t\t\t\t\t\t\t\tsrc=\"https:\/\/artistes-paris.net\/wordpress\/wp-content\/uploads\/2026\/04\/Gerard-BLOCH-_CAP.jpg\"\n\t\t\t\t\t\t\t\t\t\t\t\twidth=\"413\"\n\t\t\t\t\t\t\t\t\t\t\t\theight=\"482\"\n\t\t\t\t\t\t\t\t\t\t\t\tsrcset=\"https:\/\/artistes-paris.net\/wordpress\/wp-content\/uploads\/2026\/04\/Gerard-BLOCH-_CAP.jpg 413w, https:\/\/artistes-paris.net\/wordpress\/wp-content\/uploads\/2026\/04\/Gerard-BLOCH-_CAP-257x300.jpg 257w\"\n\t\t\t\t\t\t\t\t\t\t\t\talt=\"\"\n\t\t\t\t\t\t\/>\n\t\t\t\t\t<\/div>\n\t\t<div class=\"elementor-element elementor-element-247a789 e-con-full e-flex e-con e-child\" data-id=\"247a789\" data-element_type=\"container\" data-e-type=\"container\">\n\t\t\t\t<div class=\"elementor-element elementor-element-0adae3b elementor-widget elementor-widget-text-editor\" data-id=\"0adae3b\" data-element_type=\"widget\" data-e-type=\"widget\" data-widget_type=\"text-editor.default\">\n\t\t\t\t\t\t\t\t\t<p>Ing\u00e9nieur physicien , juriste et linguiste , apr\u00e8s des premiers pas dans la grande industie de l&rsquo;\u00e9lectronique et de l&rsquo;\u00e9lectricit\u00e9 , j&rsquo;ai commenc\u00e9 \u00e0 exercer le m\u00e9tier de Conseil en propri\u00e9t\u00e9 industrielle il y a plus de cinquante ans , et je continue cette activit\u00e9 , apr\u00e8s avoir eu le privil\u00e8ge et l&rsquo;honneur de devenir le Vice-Pr\u00e9sident de la Compagnie nationale de ces Conseils .<\/p><p>Au-del\u00e0 de mon occupation professionnelle , l&rsquo;art est ma deuxi\u00e8me passion qui m&rsquo;entraine dans les contr\u00e9es , que d\u00e9frichent , ou m\u00e8me cr\u00e9ent , les artistes , et qui m&rsquo;\u00e9taient donc inconnues .<\/p><p>Ma collection est finalement un album de voyage .<\/p>\t\t\t\t\t\t\t\t<\/div>\n\t\t\t\t<\/div>\n\t\t<div class=\"elementor-element elementor-element-a9b7314 e-con-full e-flex e-con e-child\" data-id=\"a9b7314\" data-element_type=\"container\" data-e-type=\"container\">\n\t\t\t\t\t\t\t<h2 \n\t\tdata-interaction-id=\"2792824\" \n\t\tclass=\"e-2792824-9c5ea15 e-heading-base\" \n\t\t \n\t\t\n\t>\n\t\n\t\t\tG\u00e9rard BLOCH\n\t\t<\/h2>\n\t\t\t\t<\/div>\n\t\t<div class=\"elementor-element elementor-element-4b9e2db e-con-full e-flex e-con e-child\" data-id=\"4b9e2db\" data-element_type=\"container\" data-e-type=\"container\">\n\t\t\t\t<div class=\"elementor-element elementor-element-3ae5063 elementor-widget elementor-widget-text-editor\" data-id=\"3ae5063\" data-element_type=\"widget\" data-e-type=\"widget\" data-widget_type=\"text-editor.default\">\n\t\t\t\t\t\t\t\t\t<p>Collectionneur et Esth\u00e8te des Arts.<\/p>\t\t\t\t\t\t\t\t<\/div>\n\t\t\t\t<\/div>\n\t\t<div class=\"elementor-element elementor-element-27e5593 e-con-full e-flex e-con e-child\" data-id=\"27e5593\" data-element_type=\"container\" data-e-type=\"container\">\n\t\t\t\t<div class=\"elementor-element elementor-element-634583a elementor-shape-rounded elementor-grid-0 e-grid-align-center elementor-widget elementor-widget-social-icons\" data-id=\"634583a\" data-element_type=\"widget\" data-e-type=\"widget\" data-widget_type=\"social-icons.default\">\n\t\t\t\t\t\t\t<div class=\"elementor-social-icons-wrapper elementor-grid\">\n\t\t\t\t\t\t\t<span class=\"elementor-grid-item\">\n\t\t\t\t\t<a class=\"elementor-icon elementor-social-icon elementor-social-icon-linkedin elementor-repeater-item-a68ba1c\" href=\"https:\/\/www.linkedin.com\/in\/gerard-bloch-b96901116\/\" target=\"_blank\">\n\t\t\t\t\t\t<span class=\"elementor-screen-only\">Linkedin<\/span>\n\t\t\t\t\t\t<svg aria-hidden=\"true\" class=\"e-font-icon-svg e-fab-linkedin\" viewBox=\"0 0 448 512\" xmlns=\"http:\/\/www.w3.org\/2000\/svg\"><path d=\"M416 32H31.9C14.3 32 0 46.5 0 64.3v383.4C0 465.5 14.3 480 31.9 480H416c17.6 0 32-14.5 32-32.3V64.3c0-17.8-14.4-32.3-32-32.3zM135.4 416H69V202.2h66.5V416zm-33.2-243c-21.3 0-38.5-17.3-38.5-38.5S80.9 96 102.2 96c21.2 0 38.5 17.3 38.5 38.5 0 21.3-17.2 38.5-38.5 38.5zm282.1 243h-66.4V312c0-24.8-.5-56.7-34.5-56.7-34.6 0-39.9 27-39.9 54.9V416h-66.4V202.2h63.7v29.2h.9c8.9-16.8 30.6-34.5 62.9-34.5 67.2 0 79.7 44.3 79.7 101.9V416z\"><\/path><\/svg>\t\t\t\t\t<\/a>\n\t\t\t\t<\/span>\n\t\t\t\t\t<\/div>\n\t\t\t\t\t\t<\/div>\n\t\t\t\t<\/div>\n\t\t\t\t\t<\/div>\n\t\t\t\t<\/div>\n\t\t<div class=\"elementor-element elementor-element-c3b9ca9 e-flex e-con-boxed e-con e-parent\" data-id=\"c3b9ca9\" data-element_type=\"container\" data-e-type=\"container\">\n\t\t\t\t\t<div class=\"e-con-inner\">\n\t\t<div class=\"elementor-element elementor-element-84233b1 e-con-full e-flex e-con e-child\" data-id=\"84233b1\" data-element_type=\"container\" data-e-type=\"container\">\n\t\t\t\t\t\t\t\n\t\t<img class=\"e-image-base \" \n\t\t\t\t\tdata-interaction-id=\"9b48ce0\" \n\t\t \n\t\t \n\t\t\t\t\t\t\t\t\tid=\"440\"\n\t\t\t\t\t\t\t\t\t\t\t\tsrc=\"https:\/\/artistes-paris.net\/wordpress\/wp-content\/uploads\/2026\/04\/Francoise-Mallet_CAP.jpg\"\n\t\t\t\t\t\t\t\t\t\t\t\twidth=\"1050\"\n\t\t\t\t\t\t\t\t\t\t\t\theight=\"1225\"\n\t\t\t\t\t\t\t\t\t\t\t\tsrcset=\"https:\/\/artistes-paris.net\/wordpress\/wp-content\/uploads\/2026\/04\/Francoise-Mallet_CAP.jpg 1050w, https:\/\/artistes-paris.net\/wordpress\/wp-content\/uploads\/2026\/04\/Francoise-Mallet_CAP-257x300.jpg 257w, https:\/\/artistes-paris.net\/wordpress\/wp-content\/uploads\/2026\/04\/Francoise-Mallet_CAP-878x1024.jpg 878w, https:\/\/artistes-paris.net\/wordpress\/wp-content\/uploads\/2026\/04\/Francoise-Mallet_CAP-768x896.jpg 768w\"\n\t\t\t\t\t\t\t\t\t\t\t\talt=\"\"\n\t\t\t\t\t\t\/>\n\t\t\t\t\t<\/div>\n\t\t<div class=\"elementor-element elementor-element-9571fb7 e-con-full e-flex e-con e-child\" data-id=\"9571fb7\" data-element_type=\"container\" data-e-type=\"container\">\n\t\t\t\t<div class=\"elementor-element elementor-element-a4b09f6 elementor-widget elementor-widget-text-editor\" data-id=\"a4b09f6\" data-element_type=\"widget\" data-e-type=\"widget\" data-widget_type=\"text-editor.default\">\n\t\t\t\t\t\t\t\t\t<p>Carri\u00e8re dans les m\u00e9tiers du droit et du chiffre (expert-comptable, commissaire aux comptes) et accessoirement dans le monde de la formation et de l\u2019\u00e9dition<br>Aucune pratique artistique mais tomb\u00e9e dans ce monde depuis longtemps&nbsp;<\/p><p>(mus\u00e9es, expositions, salons, \u2026)<br>Organisatrice du Salon des arts de Margency depuis 2021<br>L\u2019\u0153il de l\u2019amateur ? du visiteur ?<\/p>\t\t\t\t\t\t\t\t<\/div>\n\t\t\t\t<\/div>\n\t\t<div class=\"elementor-element elementor-element-052ddd7 e-con-full e-flex e-con e-child\" data-id=\"052ddd7\" data-element_type=\"container\" data-e-type=\"container\">\n\t\t\t\t\t\t\t<h2 \n\t\tdata-interaction-id=\"aa0604c\" \n\t\tclass=\"e-aa0604c-7641ece e-heading-base\" \n\t\t \n\t\t\n\t>\n\t\n\t\t\tFran\u00e7oise MALLET\n\t\t<\/h2>\n\t\t\t\t<\/div>\n\t\t<div class=\"elementor-element elementor-element-e45bbab e-con-full e-flex e-con e-child\" data-id=\"e45bbab\" data-element_type=\"container\" data-e-type=\"container\">\n\t\t\t\t<div class=\"elementor-element elementor-element-fca6f4b elementor-widget elementor-widget-text-editor\" data-id=\"fca6f4b\" data-element_type=\"widget\" data-e-type=\"widget\" data-widget_type=\"text-editor.default\">\n\t\t\t\t\t\t\t\t\t<p>Pr\u00e9sidente du Cercle culturel de Margency.<\/p>\t\t\t\t\t\t\t\t<\/div>\n\t\t\t\t<\/div>\n\t\t<div class=\"elementor-element elementor-element-56399ae e-con-full e-flex e-con e-child\" data-id=\"56399ae\" data-element_type=\"container\" data-e-type=\"container\">\n\t\t\t\t\t    \t            <a\n            href=\"http:\/\/www.cercleculturel-margency.fr\" target=\"_self\"\n            class=\"e-1d671e0-82d40e3 e-button-base\"\n            data-interaction-id=\"1d671e0\"\n             \n        >\n            Lien vers le Site Web\n        <\/a>\n    \t\t\t\t<\/div>\n\t\t\t\t\t<\/div>\n\t\t\t\t<\/div>\n\t\t<div class=\"elementor-element elementor-element-bf85495 e-flex e-con-boxed e-con e-parent\" data-id=\"bf85495\" data-element_type=\"container\" data-e-type=\"container\">\n\t\t\t\t\t<div class=\"e-con-inner\">\n\t\t<div class=\"elementor-element elementor-element-2abf9bc e-con-full e-flex e-con e-child\" data-id=\"2abf9bc\" data-element_type=\"container\" data-e-type=\"container\">\n\t\t\t\t\t\t\t\n\t\t<img class=\"e-image-base \" \n\t\t\t\t\tdata-interaction-id=\"730ef70\" \n\t\t \n\t\t \n\t\t\t\t\t\t\t\t\tid=\"441\"\n\t\t\t\t\t\t\t\t\t\t\t\tsrc=\"https:\/\/artistes-paris.net\/wordpress\/wp-content\/uploads\/2026\/04\/Christian-CHAMOURAT_CAP.jpg\"\n\t\t\t\t\t\t\t\t\t\t\t\twidth=\"425\"\n\t\t\t\t\t\t\t\t\t\t\t\theight=\"496\"\n\t\t\t\t\t\t\t\t\t\t\t\tsrcset=\"https:\/\/artistes-paris.net\/wordpress\/wp-content\/uploads\/2026\/04\/Christian-CHAMOURAT_CAP.jpg 425w, https:\/\/artistes-paris.net\/wordpress\/wp-content\/uploads\/2026\/04\/Christian-CHAMOURAT_CAP-257x300.jpg 257w\"\n\t\t\t\t\t\t\t\t\t\t\t\talt=\"\"\n\t\t\t\t\t\t\/>\n\t\t\t\t\t<\/div>\n\t\t<div class=\"elementor-element elementor-element-5b663ca e-con-full e-flex e-con e-child\" data-id=\"5b663ca\" data-element_type=\"container\" data-e-type=\"container\">\n\t\t\t\t<div class=\"elementor-element elementor-element-a058e81 elementor-widget elementor-widget-text-editor\" data-id=\"a058e81\" data-element_type=\"widget\" data-e-type=\"widget\" data-widget_type=\"text-editor.default\">\n\t\t\t\t\t\t\t\t\t<p>N\u00e9 le 4 juillet 1949. Sp\u00e9cialiste du portrait, Christian Chamourat photographie des c\u00e9l\u00e9brit\u00e9s du monde du spectacle, des arts, de la politique, des dirigeants d\u2019entreprises et des particuliers. Il compte parmi ses r\u00e9f\u00e9rences Air France, American Express, Boursin, Canon, Casino, Essilor, Etam, Gan, Heineken, Helena Rubinstein, Jeff de Bruges, Lafarge, Le Bon March\u00e9, Mac Donald\u2019s, Martell, Nikon, Peugeot, Renault, Saint-Gobain, Val\u00e9o. Christian Chamourat a particip\u00e9 \u00e0 de nombreuses expositions dont les Rencontres Internationales de la Photographie en Arles. \u00ab J\u2019aime vous photographier. Nous avons tous des caract\u00e8res complexes et uniques, nous sommes tous photog\u00e9niques, nous sommes tous des \u201cstars\u201d. J\u2019aime en t\u00e9moigner, pour vous rendre amoureux de votre image, celle que vous ne connaissez pas mais que les autres voient. Autrement dit l\u2019image de soi. \u00bb<\/p>\t\t\t\t\t\t\t\t<\/div>\n\t\t\t\t<\/div>\n\t\t<div class=\"elementor-element elementor-element-05d41c3 e-con-full e-flex e-con e-child\" data-id=\"05d41c3\" data-element_type=\"container\" data-e-type=\"container\">\n\t\t\t\t\t\t\t<h2 \n\t\tdata-interaction-id=\"b6ff934\" \n\t\tclass=\"e-b6ff934-c787ec1 e-heading-base\" \n\t\t \n\t\t\n\t>\n\t\n\t\t\tChristian CHAMOURAT\n\t\t<\/h2>\n\t\t\t\t<\/div>\n\t\t<div class=\"elementor-element elementor-element-01c265c e-con-full e-flex e-con e-child\" data-id=\"01c265c\" data-element_type=\"container\" data-e-type=\"container\">\n\t\t\t\t<div class=\"elementor-element elementor-element-55fcf9c elementor-widget elementor-widget-text-editor\" data-id=\"55fcf9c\" data-element_type=\"widget\" data-e-type=\"widget\" data-widget_type=\"text-editor.default\">\n\t\t\t\t\t\t\t\t\t<p>Photographe.<\/p>\t\t\t\t\t\t\t\t<\/div>\n\t\t\t\t<\/div>\n\t\t<div class=\"elementor-element elementor-element-39762d7 e-con-full e-flex e-con e-child\" data-id=\"39762d7\" data-element_type=\"container\" data-e-type=\"container\">\n\t\t\t\t\t    \t            <a\n            href=\"https:\/\/chamouratphotographie.com\" target=\"_self\"\n            class=\"e-3e78ef8-3b30120 e-button-base\"\n            data-interaction-id=\"3e78ef8\"\n             \n        >\n            Lien vers le Site Web\n        <\/a>\n    \t\t\t\t<div class=\"elementor-element elementor-element-23ea8f8 elementor-shape-rounded elementor-grid-0 e-grid-align-center elementor-widget elementor-widget-social-icons\" data-id=\"23ea8f8\" data-element_type=\"widget\" data-e-type=\"widget\" data-widget_type=\"social-icons.default\">\n\t\t\t\t\t\t\t<div class=\"elementor-social-icons-wrapper elementor-grid\" role=\"list\">\n\t\t\t\t\t\t\t<span class=\"elementor-grid-item\" role=\"listitem\">\n\t\t\t\t\t<a class=\"elementor-icon elementor-social-icon elementor-social-icon-facebook elementor-repeater-item-bbe835a\" href=\"https:\/\/www.facebook.com\/christian.chamourat\" target=\"_blank\">\n\t\t\t\t\t\t<span class=\"elementor-screen-only\">Facebook<\/span>\n\t\t\t\t\t\t<svg aria-hidden=\"true\" class=\"e-font-icon-svg e-fab-facebook\" viewBox=\"0 0 512 512\" xmlns=\"http:\/\/www.w3.org\/2000\/svg\"><path d=\"M504 256C504 119 393 8 256 8S8 119 8 256c0 123.78 90.69 226.38 209.25 245V327.69h-63V256h63v-54.64c0-62.15 37-96.48 93.67-96.48 27.14 0 55.52 4.84 55.52 4.84v61h-31.28c-30.8 0-40.41 19.12-40.41 38.73V256h68.78l-11 71.69h-57.78V501C413.31 482.38 504 379.78 504 256z\"><\/path><\/svg>\t\t\t\t\t<\/a>\n\t\t\t\t<\/span>\n\t\t\t\t\t\t\t<span class=\"elementor-grid-item\" role=\"listitem\">\n\t\t\t\t\t<a class=\"elementor-icon elementor-social-icon elementor-social-icon-instagram elementor-repeater-item-32613be\" href=\"https:\/\/www.instagram.com\/christian_chamourat\/\" target=\"_blank\">\n\t\t\t\t\t\t<span class=\"elementor-screen-only\">Instagram<\/span>\n\t\t\t\t\t\t<svg aria-hidden=\"true\" class=\"e-font-icon-svg e-fab-instagram\" viewBox=\"0 0 448 512\" xmlns=\"http:\/\/www.w3.org\/2000\/svg\"><path d=\"M224.1 141c-63.6 0-114.9 51.3-114.9 114.9s51.3 114.9 114.9 114.9S339 319.5 339 255.9 287.7 141 224.1 141zm0 189.6c-41.1 0-74.7-33.5-74.7-74.7s33.5-74.7 74.7-74.7 74.7 33.5 74.7 74.7-33.6 74.7-74.7 74.7zm146.4-194.3c0 14.9-12 26.8-26.8 26.8-14.9 0-26.8-12-26.8-26.8s12-26.8 26.8-26.8 26.8 12 26.8 26.8zm76.1 27.2c-1.7-35.9-9.9-67.7-36.2-93.9-26.2-26.2-58-34.4-93.9-36.2-37-2.1-147.9-2.1-184.9 0-35.8 1.7-67.6 9.9-93.9 36.1s-34.4 58-36.2 93.9c-2.1 37-2.1 147.9 0 184.9 1.7 35.9 9.9 67.7 36.2 93.9s58 34.4 93.9 36.2c37 2.1 147.9 2.1 184.9 0 35.9-1.7 67.7-9.9 93.9-36.2 26.2-26.2 34.4-58 36.2-93.9 2.1-37 2.1-147.8 0-184.8zM398.8 388c-7.8 19.6-22.9 34.7-42.6 42.6-29.5 11.7-99.5 9-132.1 9s-102.7 2.6-132.1-9c-19.6-7.8-34.7-22.9-42.6-42.6-11.7-29.5-9-99.5-9-132.1s-2.6-102.7 9-132.1c7.8-19.6 22.9-34.7 42.6-42.6 29.5-11.7 99.5-9 132.1-9s102.7-2.6 132.1 9c19.6 7.8 34.7 22.9 42.6 42.6 11.7 29.5 9 99.5 9 132.1s2.7 102.7-9 132.1z\"><\/path><\/svg>\t\t\t\t\t<\/a>\n\t\t\t\t<\/span>\n\t\t\t\t\t<\/div>\n\t\t\t\t\t\t<\/div>\n\t\t\t\t<\/div>\n\t\t\t\t\t<\/div>\n\t\t\t\t<\/div>\n\t\t<div class=\"elementor-element elementor-element-65c1f8a e-flex e-con-boxed e-con e-parent\" data-id=\"65c1f8a\" data-element_type=\"container\" data-e-type=\"container\">\n\t\t\t\t\t<div class=\"e-con-inner\">\n\t\t<div class=\"elementor-element elementor-element-ec271a4 e-con-full e-flex e-con e-child\" data-id=\"ec271a4\" data-element_type=\"container\" data-e-type=\"container\">\n\t\t\t\t\t\t\t\n\t\t<img class=\"e-image-base \" \n\t\t\t\t\tdata-interaction-id=\"4cb63c4\" \n\t\t \n\t\t \n\t\t\t\t\t\t\t\t\tid=\"451\"\n\t\t\t\t\t\t\t\t\t\t\t\tsrc=\"https:\/\/artistes-paris.net\/wordpress\/wp-content\/uploads\/2026\/04\/Sabine-MATARASSO_CAP.jpg\"\n\t\t\t\t\t\t\t\t\t\t\t\twidth=\"425\"\n\t\t\t\t\t\t\t\t\t\t\t\theight=\"496\"\n\t\t\t\t\t\t\t\t\t\t\t\tsrcset=\"https:\/\/artistes-paris.net\/wordpress\/wp-content\/uploads\/2026\/04\/Sabine-MATARASSO_CAP.jpg 425w, https:\/\/artistes-paris.net\/wordpress\/wp-content\/uploads\/2026\/04\/Sabine-MATARASSO_CAP-257x300.jpg 257w\"\n\t\t\t\t\t\t\t\t\t\t\t\talt=\"\"\n\t\t\t\t\t\t\/>\n\t\t\t\t\t<\/div>\n\t\t<div class=\"elementor-element elementor-element-6eec0a4 e-con-full e-flex e-con e-child\" data-id=\"6eec0a4\" data-element_type=\"container\" data-e-type=\"container\">\n\t\t\t\t<div class=\"elementor-element elementor-element-f107d97 elementor-widget elementor-widget-text-editor\" data-id=\"f107d97\" data-element_type=\"widget\" data-e-type=\"widget\" data-widget_type=\"text-editor.default\">\n\t\t\t\t\t\t\t\t\t<p>Sabine Matarasso est une animatrice, communicante et personnalit\u00e9 engag\u00e9e dans la vie culturelle locale. Passionn\u00e9e par les arts, les rencontres et la mise en lumi\u00e8re des talents, elle anime l\u2019\u00e9mission Artistiquement V\u00f4tre sur Arts Top TV : interviews des artistes participants \u00e0 ses 4 expositions annuelles pendant Expo4art aux Blancs Manteaux aux c\u00f4t\u00e9s de S\u00e9bastien Boland.<\/p><p>Investie \u00e9galement dans la vie publique et associative, elle \u0153uvre au rayonnement culturel et au dynamisme de Nogent-sur-Marne.<\/p>\t\t\t\t\t\t\t\t<\/div>\n\t\t\t\t<\/div>\n\t\t<div class=\"elementor-element elementor-element-a2937bb e-con-full e-flex e-con e-child\" data-id=\"a2937bb\" data-element_type=\"container\" data-e-type=\"container\">\n\t\t\t\t\t\t\t<h2 \n\t\tdata-interaction-id=\"6b497e4\" \n\t\tclass=\"e-6b497e4-80ce3f9 e-heading-base\" \n\t\t \n\t\t\n\t>\n\t\n\t\t\tSabine MATARASSO\n\t\t<\/h2>\n\t\t\t\t<\/div>\n\t\t<div class=\"elementor-element elementor-element-1abfb10 e-con-full e-flex e-con e-child\" data-id=\"1abfb10\" data-element_type=\"container\" data-e-type=\"container\">\n\t\t\t\t<div class=\"elementor-element elementor-element-ff46a0f elementor-widget elementor-widget-text-editor\" data-id=\"ff46a0f\" data-element_type=\"widget\" data-e-type=\"widget\" data-widget_type=\"text-editor.default\">\n\t\t\t\t\t\t\t\t\t<p>Anciennement Co-Directrice \u00e0 la Galerie du Centre \u2013 Collectionneuse &#8211; Agent d\u2019Artistes \u2013 Commissaire d\u2019Expositions \u2013 Animatrice chez Arts Top TV &#8211; Conseill\u00e8re Municipale charg\u00e9e de la Culture \u00e0 Nogent sur Marne.<\/p>\t\t\t\t\t\t\t\t<\/div>\n\t\t\t\t<\/div>\n\t\t<div class=\"elementor-element elementor-element-cfc174d e-con-full e-flex e-con e-child\" data-id=\"cfc174d\" data-element_type=\"container\" data-e-type=\"container\">\n\t\t\t\t\t    \t            <a\n            href=\"https:\/\/artistiquement-votre.com\" target=\"_self\"\n            class=\"e-16ac0b5-5d2df4f e-button-base\"\n            data-interaction-id=\"16ac0b5\"\n             \n        >\n            Lien vers le Site Web\n        <\/a>\n    \t\t\t\t<div class=\"elementor-element elementor-element-6c391ee elementor-shape-rounded elementor-grid-0 e-grid-align-center elementor-widget elementor-widget-social-icons\" data-id=\"6c391ee\" data-element_type=\"widget\" data-e-type=\"widget\" data-widget_type=\"social-icons.default\">\n\t\t\t\t\t\t\t<div class=\"elementor-social-icons-wrapper elementor-grid\" role=\"list\">\n\t\t\t\t\t\t\t<span class=\"elementor-grid-item\" role=\"listitem\">\n\t\t\t\t\t<a class=\"elementor-icon elementor-social-icon elementor-social-icon-facebook elementor-repeater-item-3fd6bb0\" href=\"https:\/\/www.facebook.com\/sabmatarasso\" target=\"_blank\">\n\t\t\t\t\t\t<span class=\"elementor-screen-only\">Facebook<\/span>\n\t\t\t\t\t\t<svg aria-hidden=\"true\" class=\"e-font-icon-svg e-fab-facebook\" viewBox=\"0 0 512 512\" xmlns=\"http:\/\/www.w3.org\/2000\/svg\"><path d=\"M504 256C504 119 393 8 256 8S8 119 8 256c0 123.78 90.69 226.38 209.25 245V327.69h-63V256h63v-54.64c0-62.15 37-96.48 93.67-96.48 27.14 0 55.52 4.84 55.52 4.84v61h-31.28c-30.8 0-40.41 19.12-40.41 38.73V256h68.78l-11 71.69h-57.78V501C413.31 482.38 504 379.78 504 256z\"><\/path><\/svg>\t\t\t\t\t<\/a>\n\t\t\t\t<\/span>\n\t\t\t\t\t\t\t<span class=\"elementor-grid-item\" role=\"listitem\">\n\t\t\t\t\t<a class=\"elementor-icon elementor-social-icon elementor-social-icon-instagram elementor-repeater-item-285486e\" href=\"https:\/\/www.instagram.com\/sab_mtrso\/\" target=\"_blank\">\n\t\t\t\t\t\t<span class=\"elementor-screen-only\">Instagram<\/span>\n\t\t\t\t\t\t<svg aria-hidden=\"true\" class=\"e-font-icon-svg e-fab-instagram\" viewBox=\"0 0 448 512\" xmlns=\"http:\/\/www.w3.org\/2000\/svg\"><path d=\"M224.1 141c-63.6 0-114.9 51.3-114.9 114.9s51.3 114.9 114.9 114.9S339 319.5 339 255.9 287.7 141 224.1 141zm0 189.6c-41.1 0-74.7-33.5-74.7-74.7s33.5-74.7 74.7-74.7 74.7 33.5 74.7 74.7-33.6 74.7-74.7 74.7zm146.4-194.3c0 14.9-12 26.8-26.8 26.8-14.9 0-26.8-12-26.8-26.8s12-26.8 26.8-26.8 26.8 12 26.8 26.8zm76.1 27.2c-1.7-35.9-9.9-67.7-36.2-93.9-26.2-26.2-58-34.4-93.9-36.2-37-2.1-147.9-2.1-184.9 0-35.8 1.7-67.6 9.9-93.9 36.1s-34.4 58-36.2 93.9c-2.1 37-2.1 147.9 0 184.9 1.7 35.9 9.9 67.7 36.2 93.9s58 34.4 93.9 36.2c37 2.1 147.9 2.1 184.9 0 35.9-1.7 67.7-9.9 93.9-36.2 26.2-26.2 34.4-58 36.2-93.9 2.1-37 2.1-147.8 0-184.8zM398.8 388c-7.8 19.6-22.9 34.7-42.6 42.6-29.5 11.7-99.5 9-132.1 9s-102.7 2.6-132.1-9c-19.6-7.8-34.7-22.9-42.6-42.6-11.7-29.5-9-99.5-9-132.1s-2.6-102.7 9-132.1c7.8-19.6 22.9-34.7 42.6-42.6 29.5-11.7 99.5-9 132.1-9s102.7-2.6 132.1 9c19.6 7.8 34.7 22.9 42.6 42.6 11.7 29.5 9 99.5 9 132.1s2.7 102.7-9 132.1z\"><\/path><\/svg>\t\t\t\t\t<\/a>\n\t\t\t\t<\/span>\n\t\t\t\t\t<\/div>\n\t\t\t\t\t\t<\/div>\n\t\t\t\t<\/div>\n\t\t\t\t\t<\/div>\n\t\t\t\t<\/div>\n\t\t\t\t<\/div>\n\t\t","protected":false},"excerpt":{"rendered":"<p>Fid\u00e8le \u00e0 l\u2019esprit et aux valeurs du Cercle des Artistes de Paris, notre jury incarne pleinement l\u2019\u00e2me de notre association. Au c\u0153ur de ce projet, une vision : Celle d\u2019un art vivant, d&rsquo;un art passion, nourri par la cr\u00e9ation. La cr\u00e9ation artistique, indissociable de l\u2019\u00e9change et du partage, qui en constituent les piliers essentiels. L\u2019Art [&hellip;]<\/p>\n","protected":false},"author":1,"featured_media":0,"parent":0,"menu_order":0,"comment_status":"closed","ping_status":"closed","template":"","meta":{"footnotes":""},"class_list":["post-283","page","type-page","status-publish","hentry"],"_links":{"self":[{"href":"https:\/\/artistes-paris.net\/index.php\/wp-json\/wp\/v2\/pages\/283","targetHints":{"allow":["GET"]}}],"collection":[{"href":"https:\/\/artistes-paris.net\/index.php\/wp-json\/wp\/v2\/pages"}],"about":[{"href":"https:\/\/artistes-paris.net\/index.php\/wp-json\/wp\/v2\/types\/page"}],"author":[{"embeddable":true,"href":"https:\/\/artistes-paris.net\/index.php\/wp-json\/wp\/v2\/users\/1"}],"replies":[{"embeddable":true,"href":"https:\/\/artistes-paris.net\/index.php\/wp-json\/wp\/v2\/comments?post=283"}],"version-history":[{"count":57,"href":"https:\/\/artistes-paris.net\/index.php\/wp-json\/wp\/v2\/pages\/283\/revisions"}],"predecessor-version":[{"id":511,"href":"https:\/\/artistes-paris.net\/index.php\/wp-json\/wp\/v2\/pages\/283\/revisions\/511"}],"wp:attachment":[{"href":"https:\/\/artistes-paris.net\/index.php\/wp-json\/wp\/v2\/media?parent=283"}],"curies":[{"name":"wp","href":"https:\/\/api.w.org\/{rel}","templated":true}]}}